{"id":3335,"date":"2021-11-24T08:53:57","date_gmt":"2021-11-24T07:53:57","guid":{"rendered":"https:\/\/www.lezards-buissonniers.fr\/BDU\/?page_id=3335"},"modified":"2022-01-15T19:08:33","modified_gmt":"2022-01-15T18:08:33","slug":"politique-de-confidentialite-2","status":"publish","type":"page","link":"https:\/\/www.lezards-buissonniers.fr\/BDU\/politique-de-confidentialite-2\/","title":{"rendered":"Politique de confidentialit\u00e9"},"content":{"rendered":"<p><span lang=\"FR\">Le pr\u00e9sent site est la propri\u00e9t\u00e9 de l\u2019association \u00ab L\u00e9zards Buissonniers \u00bb, 22 rue de l\u2019annonciade 69001 Lyon. Association loi 1901 d\u00e9clar\u00e9e au JO du 22 Janvier 1997 n\u00b01126.<\/span><\/p>\n<p>Du fait de la poursuite de la navigation sur le site, l\u2019Utilisateur du site est pr\u00e9sum\u00e9 avoir lu et accept\u00e9 la pr\u00e9sente politique de confidentialit\u00e9.<\/p>\n<h3>POLITIQUE DE CONFIDENTIALIT\u00c9<\/h3>\n<p>La pr\u00e9sente politique relative aux donn\u00e9es \u00e0 caract\u00e8re personnel est susceptible d\u2019\u00eatre modifi\u00e9e ou am\u00e9nag\u00e9e \u00e0 tout moment.<br \/>\nVous \u00eates invit\u00e9s \u00e0 la consulter r\u00e9guli\u00e8rement.<\/p>\n<p>En application de la loi 78-17 du 6 janvier 1978 relative \u00e0 l\u2019informatique, aux fichiers et aux libert\u00e9s dite \u00ab Informatique et libert\u00e9s \u00bb dans sa derni\u00e8re version et le r\u00e8glement 2016\/679 relatif \u00e0 la protection des donn\u00e9es dit RGPD, la pr\u00e9sente notice vise \u00e0 informer des modalit\u00e9s de collecte, de traitement et d\u2019utilisation des donn\u00e9es \u00e0 caract\u00e8re personnel et des droits des utilisateurs en mati\u00e8re de protection des donn\u00e9es \u00e0 caract\u00e8re personnel.<br \/>\nDans le cadre de l\u2019utilisation du Site, plusieurs cat\u00e9gories de donn\u00e9es \u00e0 caract\u00e8re personnel peuvent \u00eatre collect\u00e9es. Ces donn\u00e9es personnelles peuvent \u00e9galement \u00eatre corr\u00e9l\u00e9es avec des donn\u00e9es non personnelles, collect\u00e9es par le biais de cookies ou traceurs.<\/p>\n<p>L&rsquo;\u00e9diteur collecte les types de donn\u00e9es suivantes : Les donn\u00e9es d\u2019identit\u00e9 (ex : nom, pr\u00e9nom, adresse, courriel).<br \/>\nCes donn\u00e9es sont collect\u00e9es directement aupr\u00e8s de l\u2019utilisateur lors de demande d\u2019inscription et r\u00e8glement des activit\u00e9s ou publications command\u00e9es.<br \/>\nLes donn\u00e9es obligatoires sont signal\u00e9es dans les formulaires de collecte par un ast\u00e9risque. Sans ces donn\u00e9es, le service li\u00e9 \u00e0 cette collecte ne pourra pas \u00eatre assur\u00e9.<\/p>\n<p>L&rsquo;\u00e9diteur traite les donn\u00e9es \u00e0 caract\u00e8re personnel en tout ou partie aux fins de :<br \/>\n\u2022 Envoyer des informations et\/ou des communications externes ;<br \/>\n\u2022 Analyser l\u2019audience et la fr\u00e9quentation du Site.<\/p>\n<p>Ces donn\u00e9es sont destin\u00e9es :<br \/>\n\u2022 Aux personnels de l&rsquo;\u00e9diteur habilit\u00e9s \u00e0 en prendre connaissance en raison de leurs fonctions ;<\/p>\n<p>Par ailleurs, les donn\u00e9es pourront \u00eatre divulgu\u00e9es en application d\u2019une loi, d\u2019un r\u00e8glement ou en vertu d\u2019une d\u00e9cision d\u2019une autorit\u00e9 r\u00e9glementaire ou judiciaire comp\u00e9tente.<\/p>\n<p>L&rsquo;\u00e9diteur ne conserve les donn\u00e9es \u00e0 caract\u00e8re personnel que pour la dur\u00e9e n\u00e9cessaire et proportionn\u00e9e \u00e0 la finalit\u00e9 pour laquelle elles ont \u00e9t\u00e9 collect\u00e9es. Au-del\u00e0 de la p\u00e9riode pr\u00e9cit\u00e9e, vos donn\u00e9es seront supprim\u00e9es.<\/p>\n<p>Soucieux de garantir la s\u00e9curit\u00e9 de vos donn\u00e9es, l\u2019\u00e9diteur a notamment adopt\u00e9 les mesures suivantes pour \u00e9viter que les donn\u00e9es \u00e0 caract\u00e8re personnelles ne soient d\u00e9form\u00e9es, endommag\u00e9es ou que des tiers non autoris\u00e9s puissent y acc\u00e9der :<br \/>\n\u2022 La protection de l\u2019acc\u00e8s physique aux locaux dans lesquels sont conserv\u00e9es les donn\u00e9es (b\u00e2timent s\u00e9curis\u00e9) ;<br \/>\n\u2022 La coop\u00e9ration avec des prestataires respectant la confidentialit\u00e9 et la s\u00e9curit\u00e9 des donn\u00e9es trait\u00e9es ;<br \/>\n\u2022 La r\u00e9alisation des traitements sur un r\u00e9seau interne d\u00e9di\u00e9 non-reli\u00e9 \u00e0 internet.<\/p>\n<p>Conform\u00e9ment aux dispositions de la loi \u00ab Informatique et libert\u00e9s \u00bb dans sa derni\u00e8re version et du RGPD, vous b\u00e9n\u00e9ficiez d\u2019un droit d\u2019acc\u00e8s, d\u2019interrogation concernant vos donn\u00e9es et leur traitement, de rectification, de portabilit\u00e9 et d\u2019effacement de celles-ci ou encore de limitation du traitement.<\/p>\n<p>Vous pouvez \u00e9galement, pour des motifs l\u00e9gitimes, vous opposer au traitement des donn\u00e9es vous concernant.<\/p>\n<p>Malgr\u00e9 l&rsquo;attention donn\u00e9e \u00e0 la publication de photos (visages cach\u00e9s et\/ou accord de publication sign\u00e9), si vous voulez que L\u00e9zards Buissonniers retire une photo du site sur laquelle un visage est reconnaissable, veuillez nous contacter en pr\u00e9cisant l&rsquo;adresse de la page et le nom du fichier.<\/p>\n<p>Vous pouvez, sous r\u00e9serve de la production d\u2019un justificatif d\u2019identit\u00e9 valide, exercer vos droits en contactant L\u00e9zards Buissonniers via le formulaire \u00ab <a href=\"https:\/\/www.lezards-buissonniers.fr\/BDU\/nous-ecrire\/\">Nous \u00e9crire<\/a> \u00bb ou par courrier \u00e0 l\u2019adresse 22 rue de l\u2019Annonciade 69001 LYON<\/p>\n<p>En cas de litige sur l\u2019exercice de vos droits, vous avez la facult\u00e9 d\u2019introduire une r\u00e9clamation aupr\u00e8s de la Commission Nationale de l\u2019Informatique et des Libert\u00e9s.<\/p>\n<p>Pour plus d\u2019informations pratiques sur l\u2019exercice de vos droits, nous vous recommandons de consulter le site de la Commission Nationale Informatique et Libert\u00e9s, et plus particuli\u00e8rement la page https:\/\/www.cnil.fr\/fr\/comprendre-vos-droits<\/p>\n<p>Modalit\u00e9s particuli\u00e8res d\u2019inscription aux Services par des mineurs : il est rappel\u00e9 aux parents et \u00e0 toute personne exer\u00e7ant l\u2019autorit\u00e9 parentale, qu\u2019il leur appartient, d\u2019une part, de d\u00e9terminer quel(s) Service(s) leur enfant mineur est autoris\u00e9 \u00e0 utiliser et, d\u2019autre part, de surveiller l\u2019utilisation que celui-ci fait de ce(s) Service(s).<\/p>\n<p>&nbsp;<\/p>\n","protected":false},"excerpt":{"rendered":"<p>Le pr\u00e9sent site est la propri\u00e9t\u00e9 de l\u2019association \u00ab L\u00e9zards Buissonniers \u00bb, 22 rue de l\u2019annonciade 69001 Lyon. Association loi 1901 d\u00e9clar\u00e9e au JO du 22 Janvier 1997 n\u00b01126. Du fait de la poursuite de la navigation sur le site, l\u2019Utilisateur du site est pr\u00e9sum\u00e9 avoir lu et accept\u00e9 la pr\u00e9sente politique de confidentialit\u00e9. POLITIQUE&hellip; <br \/> <a class=\"read-more\" href=\"https:\/\/www.lezards-buissonniers.fr\/BDU\/politique-de-confidentialite-2\/\">Lire la suite<\/a><\/p>\n","protected":false},"author":2,"featured_media":0,"parent":0,"menu_order":0,"comment_status":"closed","ping_status":"closed","template":"page-templates\/page-with-right-sidebar.php","meta":{"_lmt_disableupdate":"no","_lmt_disable":"","ngg_post_thumbnail":0,"footnotes":""},"tags":[],"class_list":["post-3335","page","type-page","status-publish","hentry"],"_links":{"self":[{"href":"https:\/\/www.lezards-buissonniers.fr\/BDU\/wp-json\/wp\/v2\/pages\/3335","targetHints":{"allow":["GET"]}}],"collection":[{"href":"https:\/\/www.lezards-buissonniers.fr\/BDU\/wp-json\/wp\/v2\/pages"}],"about":[{"href":"https:\/\/www.lezards-buissonniers.fr\/BDU\/wp-json\/wp\/v2\/types\/page"}],"author":[{"embeddable":true,"href":"https:\/\/www.lezards-buissonniers.fr\/BDU\/wp-json\/wp\/v2\/users\/2"}],"replies":[{"embeddable":true,"href":"https:\/\/www.lezards-buissonniers.fr\/BDU\/wp-json\/wp\/v2\/comments?post=3335"}],"version-history":[{"count":8,"href":"https:\/\/www.lezards-buissonniers.fr\/BDU\/wp-json\/wp\/v2\/pages\/3335\/revisions"}],"predecessor-version":[{"id":5499,"href":"https:\/\/www.lezards-buissonniers.fr\/BDU\/wp-json\/wp\/v2\/pages\/3335\/revisions\/5499"}],"wp:attachment":[{"href":"https:\/\/www.lezards-buissonniers.fr\/BDU\/wp-json\/wp\/v2\/media?parent=3335"}],"wp:term":[{"taxonomy":"post_tag","embeddable":true,"href":"https:\/\/www.lezards-buissonniers.fr\/BDU\/wp-json\/wp\/v2\/tags?post=3335"}],"curies":[{"name":"wp","href":"https:\/\/api.w.org\/{rel}","templated":true}]}}